{"id":9623,"date":"2021-06-28T10:34:33","date_gmt":"2021-06-28T07:34:33","guid":{"rendered":"https:\/\/www.karaisali.bel.tr\/?page_id=9623"},"modified":"2021-06-28T10:34:33","modified_gmt":"2021-06-28T07:34:33","slug":"haziran-2021-meclis-kararlari","status":"publish","type":"page","link":"https:\/\/www.karaisali.bel.tr\/?page_id=9623","title":{"rendered":"Haziran 2021 Meclis Kararlar\u0131"},"content":{"rendered":"<table>\n<tbody>\n<tr>\n<td>KARAR 50<\/td>\n<\/tr>\n<tr>\n<td>Adana Valili\u011fi \u0130l Tar\u0131m ve Orman M\u00fcd\u00fcrl\u00fc\u011f\u00fcn\u00fcn 27\/01\/2021 tarih ve 269516 say\u0131l\u0131 yaz\u0131lar\u0131nda\u037e  &#8221;31\/12\/2021 Tarihli T\u00fcrkiye \u0130statislik<br \/>\nKurumu verilerine g\u00f6re t\u00fcm illerde n\u00fcfusu 20.000&#8217;den az olan yerle\u015fim yerleri &#8221; \u015feklinde\u037e K\u0131rsal Mahalle ise &#8221;K\u00f6y veya belde belediyesi iken<br \/>\nmahalleye d\u00f6n\u00fc\u015fen ve b\u00fcy\u00fck\u015fehir belediyesi s\u0131n\u0131rlar\u0131 i\u00e7inde bulunup sosyo\u00adekonomik durumu, \u015fehir merkezine uzakl\u0131\u011f\u0131, belediye hizmetlerine<br \/>\neri\u015febilirli\u011fi, mevcut yap\u0131la\u015fma durumu ve benzeri hususlar dikkate al\u0131narak ilgili il\u00e7e belediye meclisinin karar\u0131 ve teklifi \u00fczerine b\u00fcy\u00fck\u015fehir belediye<br \/>\n meclisinin en ge\u00e7 doksan g\u00fcn i\u00e7erisinde alaca\u011f\u0131 karar ile k\u0131rsal yerle\u015fim \u00f6zelli\u011fi ta\u015f\u0131d\u0131\u011f\u0131 tespit edilen mahalleler&#8221; olarak tan\u0131mlanmaktad\u0131r,<br \/>\ndenilmektedir.<br \/>\n K\u0131rsal Kalk\u0131nma Destekleri Kapsam\u0131nda Tar\u0131ma Dayal\u0131 Ekonomik Altyap\u0131 Yat\u0131r\u0131mlar\u0131n\u0131n Desteklenmesine ili\u015fkin de\u011ferlendirme<br \/>\n\u00e7al\u0131\u015fmalar\u0131nda kullan\u0131lmak \u00fczere  \u0130l\u00e7emiz \u037e<br \/>\n          &#8221;Ak\u00e7al\u0131, Alt\u0131nova,A\u015fa\u011f\u0131belemedik,A\u015fa\u011f\u0131y\u00f6r\u00fckler,Ayakk\u0131f, Barakda\u011f,  Bekirli, Beydemir (0 Ada 902 Parsel Sanayi kurulu\u015funa ait<br \/>\noldu\u011fundan K\u0131rsal Mahalle ve K\u0131rsal Yerle\u015fik Alan stat\u00fcs\u00fcne al\u0131nmamas\u0131 Beydemir Mahallesinde belirtilen ada ve parsel d\u0131\u015f\u0131nda kalan alanlar\u0131n ise<br \/>\nk\u0131rsal yerle\u015fik alan olmas\u0131na ) Bolacal\u0131, Bucak,\u00c7akall\u0131, \u00c7evlik, \u00c7ocuklar, \u00c7orlu, \u00c7ukur (101 Ada 9 Parsel , 139 Ada 1 Parsel, 141 Ada 1 Parsel<br \/>\n103 Ada 55 Parsel Sanayi kurulu\u015funa ait  oldu\u011fundan K\u0131rsal Mahalle ve K\u0131rsal Yerle\u015fik Alan stat\u00fcs\u00fcne al\u0131nmamas\u0131 \u00c7ukur Mahallesinde belirtilen<br \/>\nadalar ve parseller d\u0131\u015f\u0131nda kalan alanlar\u0131n ise k\u0131rsal yerle\u015fik alan olmas\u0131na) Demir\u00e7it (0 Ada 379 Parsel Sanayi kurulu\u015funa ait  oldu\u011fundan K\u0131rsal<br \/>\nMahalle ve K\u0131rsal Yerle\u015fik Alan stat\u00fcs\u00fcne al\u0131nmamas\u0131 Demir\u00e7it Mahallesinde belirtilen ada ve parsel d\u0131\u015f\u0131nda kalan alanlar\u0131n ise k\u0131rsal yerle\u015fik alan<br \/>\nolmas\u0131na), D\u00f6\u015fekevi, Durak,E\u011flence (103 Ada 55 Parsel Sanayi kurulu\u015funa ait  oldu\u011fundan K\u0131rsal Mahalle ve K\u0131rsal Yerle\u015fik Alan stat\u00fcs\u00fcne<br \/>\nal\u0131nmamas\u0131 E\u011flence Mahallesinde belirtilen ada ve parsel d\u0131\u015f\u0131nda kalan alanlar\u0131n ise k\u0131rsal yerle\u015fik alan olmas\u0131na),Emelcik,Etekli, Fettahl\u0131, Filikli,<br \/>\nGildirli, G\u00f6khasanl\u0131,G\u00fcl\u00fc\u015fl\u00fc,Hac\u0131l\u0131, Hac\u0131musal\u0131,Kaleda\u011f,Karahasanl\u0131,Karak\u0131l\u0131\u00e7 (110 Ada 36 Parsel Sanayi kurulu\u015funa ait  oldu\u011fundan K\u0131rsal Mahalle<br \/>\nve K\u0131rsal Yerle\u015fik Alan stat\u00fcs\u00fcne al\u0131nmamas\u0131 Karak\u0131l\u0131\u00e7 Mahallesinde belirtilen ada ve parsel d\u0131\u015f\u0131nda kalan alanlar\u0131n ise k\u0131rsal yerle\u015fik alan olmas\u0131na),<br \/>\nKarakuyu,K\u0131ralan,K\u0131r\u0131kl\u0131,K\u00f6r\u00fckl\u00fc, Ku\u015f\u00e7usofulu,  Kuyucu, Kuzgun (281 Ada 4 Parsel Sanayi kurulu\u015funa ait  oldu\u011fundan K\u0131rsal Mahalle ve K\u0131rsal<br \/>\nYerle\u015fik Alan stat\u00fcs\u00fcne al\u0131nmamas\u0131 Kuzgun Mahallesinde belirtilen ada ve parsel d\u0131\u015f\u0131nda kalan alanlar\u0131n ise k\u0131rsal yerle\u015fik alan olmas\u0131na),Mara\u015fl\u0131,<br \/>\nMerkez Boztahta, Murt\u00e7ukuru, Nergizlik (101 Ada 1 Parsel Sanayi kurulu\u015funa ait  oldu\u011fundan K\u0131rsal Mahalle ve K\u0131rsal Yerle\u015fik Alan stat\u00fcs\u00fcne<br \/>\nal\u0131nmamas\u0131 Nergizlik Mahallesinde belirtilen ada ve parsel d\u0131\u015f\u0131nda kalan alanlar\u0131n ise k\u0131rsal yerle\u015fik alan olmas\u0131na),Nuhlu, \u00d6merli, Sad\u0131kali, Tat\u0131k,<br \/>\nTopakta\u015f, Topkaral\u0131, Torunsolakl\u0131, T\u00fcmenli, Yaz\u0131ba\u015f\u0131 &#8221; Mahallelerimiz K\u0131rsal Mahalle stat\u00fcs\u00fcne giren alanlar tan\u0131m\u0131na giren yerler oldu\u011funa dair<br \/>\ngerekli Meclis Karar\u0131 al\u0131nmas\u0131n\u0131 Olurlar\u0131n\u0131za arz ederim.  Denilmekte olup, Belediyemiz Meclisince g\u00f6r\u00fc\u015f\u00fcld\u00fc. Teklif oylamaya sunuldu. Yap\u0131lan<br \/>\noylama neticesinde , Teklifin M\u00fcd\u00fcrl\u00fc\u011f\u00fcnden geldi\u011fi gibi kabul edilmesine daha \u00f6nce al\u0131nan 17\/05\/2021 tarih ve 46 say\u0131l\u0131 Meclis Karar\u0131n\u0131n iptal<br \/>\nedilmesine oy birli\u011fi ile karar verildi.<\/p>\n<\/td>\n<\/tr>\n<tr>\n<td>KARAR 51<\/td>\n<\/tr>\n<tr>\n<td>Karaisal\u0131 Belediyesi Fen \u0130\u015fleri M\u00fcd\u00fcrl\u00fc\u011f\u00fcn\u00fcn 03\/06\/2021 tarih ve 1296 say\u0131l\u0131 yaz\u0131s\u0131 ile Adana ili Karaisal\u0131 \u0130l\u00e7esi Selamp\u0131nar  Mahallesi 65 ada<br \/>\n7,8,9,10, 68 ada 22-28, parsel, 69 ada 7-8-14-15-16-17-18-19-20-21-26 parsel 87 ada 1-3 parsel 88 ada 1 parsel de bulunan alanda<br \/>\n Organize Sanayi B\u00f6lgesi kurulmas\u0131na , ayn\u0131 \u015fekilde tar\u0131m ve orman bakanl\u0131\u011f\u0131 tar\u0131ma dayal\u0131 ihtisas sanayi ve organize kurulmas\u0131 i\u00e7in b\u00f6lge olarak<br \/>\nba\u015flat\u0131lmas\u0131na yer tespiti yap\u0131lmas\u0131 ile ilgili teklif okundu. Belediyemiz Meclisince g\u00f6r\u00fc\u015f\u00fcld\u00fc. \u00dcyelerden Abdullah KA\u00c7AR s\u00f6z ald\u0131. Arkada\u015flar teklifin<br \/>\n\u0130mar \u015eehircilik ve M\u00fc\u015fterek komisyonda g\u00f6r\u00fc\u015f\u00fclmek \u00fczere havalesini teklif ediyorum. Dedi. Teklif oylamaya sunuldu. Yap\u0131lan oylama neticesinde<br \/>\nteklifin kabul\u00fcne oy birli\u011fi ile karar verildi.<\/p>\n<\/td>\n<\/tr>\n<tr>\n<td>KARAR 52<\/td>\n<\/tr>\n<tr>\n<td>   Belediyemiz \u0130mar ve \u015eehircilik M\u00fc\u015fterek komisyonunun Organize Sanayi B\u00f6lgesi kurulmas\u0131 ile ilgili 04\/06\/2021 tarih ve 3 nolu komisyon<br \/>\nraporunun g\u00f6r\u00fc\u015f\u00fclmek \u00fczere Belediyemiz Meclisine havalesini         Olurlar\u0131n\u0131za arz ederim. Denilmekte olup, Komisyon raporunda  aynen\u037e<br \/>\nBelediyemiz Meclisinin komisyonumuzda g\u00f6r\u00fc\u015f\u00fclmek \u00fczere havale etti\u011fi\u037e Karaisal\u0131 Belediyesi Fen \u0130\u015fleri M\u00fcd\u00fcrl\u00fc\u011f\u00fcn\u00fcn 03\/06\/2021 tarih ve<br \/>\n1296 say\u0131l\u0131 yaz\u0131s\u0131 ile Adana ili Karaisal\u0131 \u0130l\u00e7esi Selamp\u0131nar  Mahallesi 65 ada 7,8,9,10, 68 ada 22\u00ad28,   parsel, 69 ada 7\u00ad8\u00ad14\u00ad15\u00ad16\u00ad17\u00ad18\u00ad<br \/>\n19\u00ad20\u00ad21\u00ad26 parsel 87 ada 1\u00ad3 parsel 88 ada 1 parsel   de bulunan  alanda  Organize Sanayi B\u00f6lgesi kurulmas\u0131na , ayn\u0131 \u015fekilde tar\u0131m ve<br \/>\norman bakanl\u0131\u011f\u0131 tar\u0131ma dayal\u0131 ihtisas sanayi ve organize kurulmas\u0131 i\u00e7in b\u00f6lge olarak ba\u015flat\u0131lmas\u0131na yer tespiti yap\u0131lmas\u0131 ile ilgili teklif<br \/>\nkomisyonumuzca g\u00f6r\u00fc\u015f\u00fcld\u00fc. \u0130l\u00e7emizde organize sanayinin bulunmamas\u0131 nedeniyle bu alanda faaliyet g\u00f6steren i\u015fyerlerinin il\u00e7emize ve il\u00e7emiz<br \/>\nsakinlerinin daha sa\u011fl\u0131kl\u0131 ,d\u00fczenli bir i\u015fletme anlay\u0131\u015f\u0131 ile Adana ili Karaisal\u0131 \u0130l\u00e7esi Selamp\u0131nar  Mahallesi 65 ada 7,8,9,10, 68 ada 22\u00ad28,   parsel,<br \/>\n69 ada 7\u00ad8\u00ad14\u00ad15\u00ad16\u00ad17\u00ad18\u00ad19\u00ad20\u00ad21\u00ad26 parsel 87 ada 1\u00ad3 parsel 88 ada 1 parsel   de bulunan  alanda Organize Sanayi B\u00f6lgesi<br \/>\nkurulmas\u0131na , ayn\u0131 \u015fekilde Tar\u0131m ve Orman Bakanl\u0131\u011f\u0131 tar\u0131ma dayal\u0131 ihtisas sanayi ve organize kurulmas\u0131 i\u00e7in b\u00f6lge olarak ba\u015flat\u0131lmas\u0131na yer<br \/>\ntespiti olarak bu alan\u0131n ayr\u0131lmas\u0131na   komisyonumuzca oy birli\u011fi ile karar verili. Denilmekte olup, okunan komisyon raporu oylamaya sunuldu.<br \/>\nYap\u0131lan oylama neticesinde okunan komisyon raporunun komisyondan geldi\u011fi gibi  kabul\u00fcne oy birli\u011fi ile karar verildi.\n<\/td>\n<\/tr>\n<tr>\n<td>KARAR 53<\/td>\n<\/tr>\n<tr>\n<td>Adana ili Karaisal\u0131 \u0130l\u00e7esi Ayakk\u0131f Mahallesinde Kadastro \u00e7al\u0131\u015fmalar\u0131nda g\u00f6rev yapmak \u00fczere Belediyemiz Meclisinin 18\/05\/2020 tarih ve<br \/>\n29 say\u0131l\u0131 karar\u0131 ile belirlenen 6 adet bilirki\u015fi i\u00e7erisinde bulunan 20050050114 TC numaral\u0131 Erdo\u011fan \u015e\u0130R\u0130N ile 17356139926 TC numaral\u0131 \u015eaban<br \/>\nYAL\u00c7INKAYA isimli ki\u015filerin bilirki\u015fi olarak g\u00f6rev yapmas\u0131 uygun bulunmam\u0131\u015f olup, ad\u0131 ge\u00e7enlerin yerine  g\u00f6rev yapmak \u00fczere 16144180386 TC<br \/>\nnumaral\u0131 Ayakk\u0131f Mahallesinde  ikamet eden Fevzi KAPLAN  (Telefon:05369364973))ile 20659029856 TC numaral\u0131 Ayakk\u0131f Mahallesinde<br \/>\nikamet eden Osman \u015eARASLAN &#8216;\u0131n (Telefon\u037e 05373767299) bilirki\u015fi olarak g\u00f6rev yapmak \u00fczere belirlenmesi i\u00e7in gerekli Meclis Karar\u0131n\u0131n<br \/>\nal\u0131nmas\u0131n\u0131 Olurlar\u0131n\u0131za arz ederim. Denilmekte olup, teklif hakk\u0131nda s\u00f6z isteyen olup olmad\u0131\u011f\u0131 soruldu. S\u00f6z isteyen olmay\u0131nca teklif oylamaya<br \/>\nsunuldu. Yap\u0131lan oylama neticesinde teklifin m\u00fcd\u00fcrl\u00fc\u011f\u00fcnden geldi\u011fi gibi kabul edilmesine oy birli\u011fi ile karar verildi. <\/p>\n<\/td>\n<\/tr>\n<tr>\n<td>KARAR 54<\/td>\n<\/tr>\n<tr>\n<td>  Belediyemiz Fen \u0130\u015fleri M\u00fcd\u00fcrl\u00fc\u011f\u00fcn\u00fcn 15\/06\/2021 tarih ve 1419 say\u0131l\u0131 yaz\u0131lar\u0131nda\u037e Belediye Ba\u015fkanl\u0131\u011f\u0131m\u0131zca haz\u0131rlat\u0131l\u0131p,\u00c7ukurova Kalk\u0131nma<br \/>\nAjans\u0131na, AB programlar\u0131 Hibelerine ve di\u011fer kamu kurum ve kurulu\u015flar\u0131 ile hibe veren kurulu\u015flara Belediye Ba\u015fkanl\u0131\u011f\u0131m\u0131zca yap\u0131lacak olan proje<br \/>\nba\u015fvurular\u0131m\u0131z\u0131 takip etmeye, \u00f6n fizibilite \u00e7al\u0131\u015fmalar\u0131n\u0131n desteklenmesi, turizmin geli\u015ftirilmesi, k\u00fc\u00e7\u00fck \u00f6l\u00e7ekli alt yap\u0131 program\u0131 deste\u011fi, rekabet g\u00fcc\u00fcn\u00fcn<br \/>\ngeli\u015ftirilmesi, turzime yat\u0131r\u0131m\u0131 yap\u0131lacak projeler, k\u0131r\u0131lgan gruplar\u0131n g\u00fc\u00e7lendirilmesi k\u00fc\u00e7\u00fck \u00f6l\u00e7ekli alt yap\u0131 projeleri ve di\u011fer projeleri  haz\u0131rlatmaya,<br \/>\nproje ile ilgili olarak Belediyemizi temsile ve imzas\u0131 ile Belediyemizi \u0130lzama, proje aktarmaya, proje ile ilgili harcamalar\u0131 yapmaya AB Programlar\u0131<br \/>\nHibeleri, \u00c7ukurova Kalk\u0131nma Ajans\u0131 ve di\u011fer kamu kurum ve kurulu\u015flar\u0131 ile proje s\u00f6zle\u015fmesini imzalamaya, projeyi uygulamaya Belediye Ba\u015fkan\u0131<br \/>\nSaadettin ASLAN&#8217;\u0131n yetkili k\u0131l\u0131nmas\u0131 i\u00e7in Belediye Meclisince gerekli karar\u0131n al\u0131nmas\u0131n\u0131 , Vak\u0131f Kat\u0131l\u0131m Bankas\u0131 A.\u015e. Adana \u015eubesinde proje hesab\u0131<br \/>\nolarak a\u00e7\u0131lan TR450021000000055529600001 nolu hesaba 5393 Say\u0131l\u0131 Belediye Kanununun 15 maddesi gere\u011fince haciz konulmamas\u0131 i\u00e7in karar<br \/>\nal\u0131nmas\u0131n\u0131 Olurlar\u0131n\u0131za arz ederim. Denilmekte olup, Teklif hakk\u0131nda s\u00f6z isteyen olup olmad\u0131\u011f\u0131 soruldu. \u00dcyelerden Mustafa EK\u0130C\u0130 s\u00f6z ald\u0131.<br \/>\nArkada\u015flar teklifin m\u00fcd\u00fcrl\u00fc\u011f\u00fcnden geldi\u011fi gibi kabul edilmesini teklif ediyorum. Dedi. Teklif oylamaya sunuldu. Yap\u0131lan oylama neticesinde \u037e<br \/>\n        Belediye Ba\u015fkanl\u0131\u011f\u0131m\u0131zca haz\u0131rlat\u0131l\u0131p, \u00c7ukurova Kalk\u0131nma Ajans\u0131na, AB programlar\u0131 Hibelerine ve di\u011fer kamu kurum ve kurulu\u015flar\u0131 ile hibe<br \/>\nveren kurulu\u015flara Belediye Ba\u015fkanl\u0131\u011f\u0131m\u0131zca yap\u0131lacak olan proje ba\u015fvurular\u0131m\u0131z\u0131 takip etmeye, \u00f6n fizibilite \u00e7al\u0131\u015fmalar\u0131n\u0131n desteklenmesi, turizmin<br \/>\ngeli\u015ftirilmesi, k\u00fc\u00e7\u00fck \u00f6l\u00e7ekli alt yap\u0131 program\u0131 deste\u011fi, rekabet g\u00fcc\u00fcn\u00fcn geli\u015ftirilmesi, turizme yat\u0131r\u0131m\u0131 yap\u0131lacak projeler, k\u0131r\u0131lgan gruplar\u0131n<br \/>\ng\u00fc\u00e7lendirilmesi k\u00fc\u00e7\u00fck \u00f6l\u00e7ekli alt yap\u0131 projeleri ve di\u011fer projeleri  haz\u0131rlatmaya, proje ile ilgili olarak Belediyemizi temsile ve imzas\u0131 ile Belediyemizi<br \/>\n\u0130lzama, proje aktarmaya, proje ile ilgili harcamalar\u0131 yapmaya AB Programlar\u0131 Hibeleri, \u00c7ukurova Kalk\u0131nma Ajans\u0131 ve di\u011fer kamu kurum ve<br \/>\nkurulu\u015flar\u0131 ile proje s\u00f6zle\u015fmesini imzalamaya, projeyi uygulamaya Belediye Ba\u015fkan\u0131 Saadettin ASLAN&#8217;\u0131n yetkili k\u0131l\u0131nmas\u0131na,  Vak\u0131f Kat\u0131l\u0131m Bankas\u0131<br \/>\nA.\u015e. Adana \u015eubesinde proje hesab\u0131 olarak a\u00e7\u0131lan TR450021000000055529600001 nolu hesaba 5393 Say\u0131l\u0131 Belediye Kanununun 15 maddesi<br \/>\ngere\u011fince proje hesab\u0131 oldu\u011fundan dolay\u0131 haciz konulmamas\u0131na oy birli\u011fi ile karar verildi.<br \/>\n        GERE\u011e\u0130 \u0130\u00c7\u0130N FEN \u0130\u015eLER\u0130 M\u00dcD\u00dcRL\u00dc\u011e\u00dc<\/p>\n<\/td>\n<\/tr>\n<\/tbody>\n<\/table>\n","protected":false},"excerpt":{"rendered":"<p>KARAR 50 Adana Valili\u011fi \u0130l Tar\u0131m ve Orman M\u00fcd\u00fcrl\u00fc\u011f\u00fcn\u00fcn 27\/01\/2021 tarih ve 269516 say\u0131l\u0131 yaz\u0131lar\u0131nda\u037e &#8221;31\/12\/2021 Tarihli T\u00fcrkiye \u0130statislik Kurumu verilerine g\u00f6re t\u00fcm illerde n\u00fcfusu 20.000&#8217;den az olan yerle\u015fim yerleri &#8221; \u015feklinde\u037e K\u0131rsal Mahalle ise &#8221;K\u00f6y veya belde belediyesi iken mahalleye d\u00f6n\u00fc\u015fen ve b\u00fcy\u00fck\u015fehir belediyesi s\u0131n\u0131rlar\u0131 i\u00e7inde bulunup sosyo\u00adekonomik durumu, \u015fehir merkezine uzakl\u0131\u011f\u0131, belediye hizmetlerine [&hellip;]<\/p>\n","protected":false},"author":10,"featured_media":0,"parent":9425,"menu_order":202106,"comment_status":"closed","ping_status":"closed","template":"","meta":{"footnotes":""},"class_list":["post-9623","page","type-page","status-publish","hentry"],"_links":{"self":[{"href":"https:\/\/www.karaisali.bel.tr\/index.php?rest_route=\/wp\/v2\/pages\/9623","targetHints":{"allow":["GET"]}}],"collection":[{"href":"https:\/\/www.karaisali.bel.tr\/index.php?rest_route=\/wp\/v2\/pages"}],"about":[{"href":"https:\/\/www.karaisali.bel.tr\/index.php?rest_route=\/wp\/v2\/types\/page"}],"author":[{"embeddable":true,"href":"https:\/\/www.karaisali.bel.tr\/index.php?rest_route=\/wp\/v2\/users\/10"}],"replies":[{"embeddable":true,"href":"https:\/\/www.karaisali.bel.tr\/index.php?rest_route=%2Fwp%2Fv2%2Fcomments&post=9623"}],"version-history":[{"count":0,"href":"https:\/\/www.karaisali.bel.tr\/index.php?rest_route=\/wp\/v2\/pages\/9623\/revisions"}],"up":[{"embeddable":true,"href":"https:\/\/www.karaisali.bel.tr\/index.php?rest_route=\/wp\/v2\/pages\/9425"}],"wp:attachment":[{"href":"https:\/\/www.karaisali.bel.tr\/index.php?rest_route=%2Fwp%2Fv2%2Fmedia&parent=9623"}],"curies":[{"name":"wp","href":"https:\/\/api.w.org\/{rel}","templated":true}]}}