{"id":3253,"date":"2017-05-08T08:58:50","date_gmt":"2017-05-08T05:58:50","guid":{"rendered":"https:\/\/www.karaisali.bel.tr\/?page_id=3253"},"modified":"2017-09-11T13:55:50","modified_gmt":"2017-09-11T10:55:50","slug":"mayis-2017-meclis-kararlari","status":"publish","type":"page","link":"https:\/\/www.karaisali.bel.tr\/?page_id=3253","title":{"rendered":"May\u0131s 2017 Meclis Kararlar\u0131"},"content":{"rendered":"<table>\n<tbody>\n<tr>\n<td>KARAR 42<\/td>\n<\/tr>\n<tr>\n<td>G\u00fcndemde bulunan madde gere\u011fi; Belediyemiz Yaz\u0131 \u0130\u015fleri M\u00fcd\u00fcrl\u00fc\u011f\u00fcn\u00fcn 28\/04\/2017 tarih ve 351 say\u0131l\u0131 yaz\u0131lar\u0131nda Belediyemiz Mali Hizmetler M\u00fcd\u00fcrl\u00fc\u011f\u00fcnce haz\u0131rlanan 2016 y\u0131l\u0131 kesin hesaplar\u0131 5393 Say\u0131l\u0131 Belediye Kanununun 34\/a maddesi uyar\u0131nca Belediyemiz Enc\u00fcmeninin 27\/04\/2017 tarihli toplant\u0131s\u0131nda g\u00f6r\u00fc\u015f\u00fclm\u00fc\u015f olup, 5393 Say\u0131l\u0131 Belediye Kanununun 18\/b ve 64. maddesi gere\u011fi h\u00fck\u00fcmlerince Belediyemiz Meclisinde g\u00f6r\u00fc\u015f\u00fclmesi hususunda havalesini arz ederim. Denilmekte olup,  teklif hakk\u0131nda s\u00f6z isteyen olup, olmad\u0131\u011f\u0131 soruldu. \u00dcyelerden Rifat K\u00d6RO\u011eLU s\u00f6z ald\u0131. Arkada\u015flar 2016 y\u0131l\u0131 kesin hesaplar\u0131m\u0131z\u0131n incelenmek \u00fczere Belediyemiz Plan ve B\u00fct\u00e7e Komisyonu Ba\u015fkanl\u0131\u011f\u0131nda M\u00fc\u015fterek komisyonda g\u00f6r\u00fc\u015f\u00fclmek \u00fczere havale edilmesini teklif ediyorum. dedi. Teklif oylamaya sunuldu. Yap\u0131lan oylama neticesinde teklifin kabul\u00fcne oy birli\u011fi ile karar verildi.\n<\/td>\n<\/tr>\n<tr>\n<td>KARAR 43<\/td>\n<\/tr>\n<tr>\n<td>G\u00fcndemde bulunan madde gere\u011fi: Belediyemiz Yaz\u0131 \u0130\u015fleri M\u00fcd\u00fcrl\u00fc\u011f\u00fcn\u00fcn 28\/04\/2017 tarih ve 347 say\u0131l\u0131 yaz\u0131lar\u0131nda ;  \u0130\u00e7i\u015fleri Bakanl\u0131\u011f\u0131 ve \u00c7al\u0131\u015fma ve Sosyal G\u00fcvenlik Bakanl\u0131\u011f\u0131 Devlet Personel Ba\u015fkanl\u0131\u011f\u0131 taraf\u0131ndan \u00e7\u0131kar\u0131lan &#8220;Belediye ve Ba\u011fl\u0131 Kurulu\u015flar\u0131 ile Mahalli \u0130dare Birlikleri Norm Kadro \u0130lke ve Standartlar\u0131na Dair Y\u00f6netmelikte De\u011fi\u015fiklik Yap\u0131lmas\u0131na \u0130li\u015fkin Y\u00f6netmelik 22 MAYIS 2016 Tarihli 29719 say\u0131l\u0131 R.G. de yay\u0131mlanm\u0131\u015ft\u0131r. Belediyemiz C-7 grubunda olup, daha \u00f6nce kurulmas\u0131 zorunlu m\u00fcd\u00fcrl\u00fckler hari\u00e7 di\u011fer m\u00fcd\u00fcrl\u00fck say\u0131s\u0131 8 iken bu y\u00f6netmelik gere\u011fince 9 &#8216;a y\u00fckselmi\u015ftir. Belediyemizce  il\u00e7emiz halk\u0131na ve d\u0131\u015far\u0131dan gelen misafirlerimize daha kaliteli ve sa\u011fl\u0131kl\u0131 hizmet verebilmemiz amac\u0131yla Belediyemiz Norm Kadrosuna Bas\u0131n Yay\u0131n ve Halkla \u0130li\u015fkiler M\u00fcd\u00fcr\u00fc kadrosunun ihdas edilmesi hususunda, Belediyemiz Meclisine havalesini arz ederim. Denilmekte olup, teklif hakk\u0131nda s\u00f6z isteyen olup, olmad\u0131\u011f\u0131 soruldu. \u00dcyelerden Rifat K\u00d6RO\u011eLU s\u00f6z ald\u0131. Arkada\u015flar teklifin Plan B\u00fct\u00e7e Komisyonu ba\u015fkanl\u0131\u011f\u0131nda M\u00fc\u015fterek Komisyonda g\u00f6r\u00fc\u015f\u00fclmek \u00fczere havalesini teklif ediyorum. dedi. Teklif oylamaya sunuldu. Yap\u0131lan Oylama neticesinde teklifin kabul\u00fcne oy birli\u011fi ile karar verildi.\n<\/td>\n<\/tr>\n<tr>\n<td>KARAR 44<\/td>\n<\/tr>\n<tr>\n<td>G\u00fcndemde bulunan madde gere\u011fi ; Belediyemiz Yaz\u0131 \u0130\u015fleri M\u00fcd\u00fcrl\u00fc\u011f\u00fcn\u00fcn 28\/04\/2017 tarih ve 353 say\u0131l\u0131 yaz\u0131lar\u0131nda , Belediyemiz S\u0131n\u0131rlar\u0131 i\u00e7erisinde bulunan K\u00fclt\u00fcr ve Turizm Bakanl\u0131\u011f\u0131nca tescil edilen tabiat ve k\u00fclt\u00fcr varl\u0131klar\u0131n\u0131n bak\u0131m, onar\u0131m , restorasyon ve di\u011fer \u00e7al\u0131\u015fmalar ile ilgili yap\u0131lacak olan i\u015flemler  i\u00e7in  protokol yapmaya Belediye Ba\u015fkan\u0131m\u0131z Saadettin ASLAN&#8217;a yetki verilmesi i\u00e7in Belediyemiz Meclisince karar al\u0131nmas\u0131 ile ilgili teklif okundu. Teklif hakk\u0131nda s\u00f6z isteyen olup, olmad\u0131\u011f\u0131 soruldu. \u00dcyelerden Osman KURDAK s\u00f6z ald\u0131. Arkada\u015flar teklifin \u0130mar \u015eehircilik Komisyonu Ba\u015fkanl\u0131\u011f\u0131nda m\u00fc\u015fterek komisyonda g\u00f6r\u00fc\u015f\u00fclmek \u00fczere havale edilmesini teklif ediyorum. Dedi.  Ba\u015fka s\u00f6z isteyen olmay\u0131nca teklif oylamaya sunuldu. Yap\u0131lan oylama neticesinde teklifin kabul\u00fcne oy birli\u011fi ile karar verildi.\n<\/td>\n<\/tr>\n<tr>\n<td>KARAR 45<\/td>\n<\/tr>\n<tr>\n<td>G\u00fcndemde bulunan madde gere\u011fi ; Belediyemiz Yaz\u0131 \u0130\u015fleri M\u00fcd\u00fcrl\u00fc\u011f\u00fcn\u00fcn 28\/04\/2017 tarih ve 350 say\u0131l\u0131 yaz\u0131lar\u0131nda Belediyemiz Meclisinin 06\/04\/2017 tarih ve 34 say\u0131l\u0131 karar\u0131 ile K\u00f6pekli Sokak ismi Dokuzoluk olarak de\u011fi\u015ftirilmi\u015fti. Ancak Karaisal\u0131 Kaymakaml\u0131k Makam\u0131&#8217;n\u0131n 20\/04\/2017 tarih ve E-518 say\u0131l\u0131 yaz\u0131lar\u0131 ile sokak isim de\u011fi\u015fikli\u011finin 5216 Say\u0131l\u0131 B\u00fcy\u00fck\u015fehir Kanununun 7. maddesi gere\u011fince B\u00fcy\u00fck\u015fehir Belediyesince yap\u0131laca\u011f\u0131 bildirilmi\u015f olup, Belediyemiz Meclisinin 06\/04\/2017 tarih ve 34 say\u0131l\u0131 karar\u0131n\u0131n iptal edilmesi hususunda Belediyemiz Meclisine havalesini arz ederim. denilmekte olup, teklif hakk\u0131nda s\u00f6z isteyen olup olmad\u0131\u011f\u0131 soruldu. S\u00f6z isteyen olmay\u0131nca Belediye Ba\u015fkan\u0131 ve Meclis Ba\u015fkan\u0131 Saadettin ASLAN s\u00f6z alarak Arkada\u015flar teklifin kabul\u00fcn\u00fc ve s\u00f6z konusu sokak isim de\u011fi\u015fikli\u011finin Adana B\u00fcy\u00fck\u015fehir Belediyesi Meclisinde g\u00f6r\u00fc\u015f\u00fclmek \u00fczere teklif edilmesini  oylar\u0131n\u0131za sunuyorum. dedi. Teklif oylamaya sunuldu. Yap\u0131lan oylama neticesinde telifin kabul\u00fcne oy birli\u011fi ile karar verildi.\n<\/td>\n<\/tr>\n<tr>\n<td>KARAR 46<\/td>\n<\/tr>\n<tr>\n<td>G\u00fcndemde bulunan madde gere\u011fi; Belediyemiz Plan B\u00fct\u00e7e ve M\u00fc\u015fterek Komisyonunun 03\/05\/2017 Tarih ve 12 Nolu 2016 Y\u0131l\u0131 Kesin Hesaplar\u0131 ile ilgili Komisyon Raporunun g\u00f6r\u00fc\u015f\u00fclmesi. Komisyon Raporunda aynen &#8220;Belediyemiz Meclisince Plan B\u00fct\u00e7e ve M\u00fc\u015fterek Komisyonumuzda g\u00f6r\u00fc\u015f\u00fclmek \u00fczere havale edilen ; Belediyemiz Plan B\u00fct\u00e7e ve M\u00fc\u015fterek Komisyonu Belediyemizce haz\u0131rlanan 2016 y\u0131l\u0131 kesin Hesaplar\u0131n\u0131 g\u00f6r\u00fc\u015fmek \u00fczere 03\/05\/2017 tarihinde saat 11,00 \u2018da Belediyemiz Meclis Toplant\u0131 salonunda topland\u0131. 5393 sayl\u0131 Belediye Kanununun 64. maddesi  uyar\u0131nca haz\u0131rlanan Belediyemiz  2016 y\u0131l\u0131 Kesin Hesaplar\u0131 maddeler halinde tek tek okunarak yap\u0131lan inceleme neticesinde , 2016 Kesin Hesaplar\u0131n\u0131n 27\/04\/2017 tarih ve 23 say\u0131l\u0131 karar\u0131 ile g\u00f6r\u00fc\u015f\u00fcld\u00fc\u011f\u00fc,  2016 y\u0131l\u0131 b\u00fct\u00e7esinin 16.600.000,00-TL oldu\u011fu ,  2016 y\u0131l\u0131 net geliri  13.365.630,76-TL  olup, ger\u00e7ekle\u015fme oran\u0131 % 80,51 gider hesab\u0131 16.008.360,09-TL olup, ger\u00e7ekle\u015fme oran\u0131 %96,43 oldu\u011fu  ,gelirin gideri kar\u015f\u0131lama oran\u0131 % 83,49 oldu\u011fu  incelenmi\u015f olup,   Belediyemiz Meclisine sunulmas\u0131na oy birli\u011fi ile karar verildi. Denilmekte olup, okunan komisyon raporu hakk\u0131nda s\u00f6z isteyen olup olmad\u0131\u011f\u0131 soruldu. S\u00f6z isteyen olmay\u0131nca  Meclis Ba\u015fkan\u0131 Saadettin ASLAN taraf\u0131ndan oylamaya sunuldu. Yap\u0131lan oylama neticesinde kabul\u00fcne  oy birli\u011fi ile karar verildi.\n<\/td>\n<\/tr>\n<tr>\n<td>KARAR 47<\/td>\n<\/tr>\n<tr>\n<td>G\u00fcndemde bulunan madde gere\u011fi ;Belediyemiz Plan B\u00fct\u00e7e ve M\u00fc\u015fterek Komisyonunun 03\/05\/2017 Tarih ve 13 Nolu Belediyemiz Norm Kadrosuna Bas\u0131n Yay\u0131n ve Halkla \u0130li\u015fkiler M\u00fcd\u00fcr\u00fc Kadrosunun \u0130hdas\u0131 ile ilgili Komisyon Raporunun g\u00f6r\u00fc\u015f\u00fclmesine ge\u00e7ildi. Komisyon raporunda aynen ; Belediyemiz Meclisince Plan B\u00fct\u00e7e ve M\u00fc\u015fterek Komisyonumuzda g\u00f6r\u00fc\u015f\u00fclmek \u00fczere havale edilen ; Belediyemiz Plan B\u00fct\u00e7e ve M\u00fc\u015fterek Komisyonu Belediyemiz Yaz\u0131 \u0130\u015fleri M\u00fcd\u00fcrl\u00fc\u011f\u00fcnce teklif edilen Belediyemiz Norm Kadrosuna Bas\u0131n Yay\u0131n ve Halkla \u0130li\u015fkiler M\u00fcd\u00fcr\u00fc Kadrosu ihdas edilmesi ile ilgili maddeyi g\u00f6r\u00fc\u015fmek \u00fczere    03\/05\/2017 tarihinde saat 14,00 \u2018da Belediyemiz Meclis Toplant\u0131 salonunda topland\u0131. Belediyemiz Yaz\u0131 \u0130\u015fleri M\u00fcd\u00fcrl\u00fc\u011f\u00fcn\u00fcn 28\/04\/2017 tarih ve 347 say\u0131l\u0131 yaz\u0131lar\u0131 ekinde sunulan kadro ihdas\u0131 ile ilgili belgeler komisyonumuzca incelendi. 22.05.2016 Tarih ve 29719 Say\u0131l\u0131 Resmi Gazetede Yay\u0131nlanan   Belediye ve Ba\u011fl\u0131 kurulu\u015flar\u0131 ile Mahalli idare Brl. Norm Kadro \u0130lke ve Standartlar\u0131na ili\u015fkin Y\u00f6netmelik ve ekinde bulunan cetvellere istinaden  Belediyemizin C-7 grubunda bulundu\u011fu , kurulmas\u0131 zorunlu m\u00fcd\u00fcrl\u00fckler haricinde kurulacak olan m\u00fcd\u00fcr kadro say\u0131s\u0131n\u0131n 9 \u2018a y\u00fckseldi\u011fi g\u00f6r\u00fclm\u00fc\u015ft\u00fcr. Belediyemiz Norm Kadrosuna Bas\u0131n Yay\u0131n ve Halkla ili\u015fkiler M\u00fcd\u00fcr\u00fc Kadrosunun ihdas edilmesi komisyonumuzca uygun bulunmu\u015f olup, Belediyemiz Meclisine sunulmas\u0131na oy birli\u011fi ile karar verildi. Denilmekte olup, okunan komisyon raporu hakk\u0131nda s\u00f6z isteyen olup, olmad\u0131\u011f\u0131 soruldu. S\u00f6z isteyen olmay\u0131nca Meclis Ba\u015fkan\u0131 Saadettin ASLAN oylamaya sundu. Yap\u0131lan oylama neticesinde kabul\u00fcne oy birli\u011fi ile karar verildi.\n<\/td>\n<\/tr>\n<tr>\n<td>KARAR 48<\/td>\n<\/tr>\n<tr>\n<td>G\u00fcndemde bulunan madde gere\u011fi ;Belediyemiz \u0130mar , \u015eehircilik ve M\u00fc\u015fterek Komisyonunun 04\/05\/2017 tarih ve 2 nolu ,  Belediye Ba\u015fkan\u0131 Saadettin ASLAN&#8217;a Protokol Yetkisi verilmesi ile ilgili Komisyon Raporunun g\u00f6r\u00fc\u015f\u00fclmesine ge\u00e7ildi. Komisyon raporunda aynen &#8220;Belediyemiz Meclisince komisyonumuzda g\u00f6r\u00fc\u015f\u00fclmek \u00fczere havale edilen ; Belediyemiz Yaz\u0131 \u0130\u015fleri M\u00fcd\u00fcrl\u00fc\u011f\u00fcn\u00fcn 28\/04\/2017 tarih ve 353 say\u0131l\u0131 yaz\u0131lar\u0131nda , Belediyemiz S\u0131n\u0131rlar\u0131 i\u00e7erisinde bulunan K\u00fclt\u00fcr ve Turizm Bakanl\u0131\u011f\u0131nca tescil edilen tabiat ve k\u00fclt\u00fcr varl\u0131klar\u0131n\u0131n bak\u0131m, onar\u0131m , restorasyon ve di\u011fer \u00e7al\u0131\u015fmalar ile ilgili yap\u0131lacak olan i\u015flemler  i\u00e7in protokol yapmaya Belediye Ba\u015fkan\u0131m\u0131z Saadettin ASLAN&#8217;a yetki verilmesi  teklifi g\u00f6r\u00fc\u015f\u00fclmek \u00fczere komisyonumuz 04\/05\/2017 tarihinde saat 10:00 \u2018da topland\u0131.  Belediyemiz S\u0131n\u0131rlar\u0131 i\u00e7erisinde bulunan K\u00fclt\u00fcr ve Turizm Bakanl\u0131\u011f\u0131nca tescil edilen tabiat ve k\u00fclt\u00fcr varl\u0131klar\u0131n\u0131n bak\u0131m, onar\u0131m , restorasyon ve di\u011fer \u00e7al\u0131\u015fmalar ile ilgili yap\u0131lacak olan i\u015flemler  i\u00e7in ilgili kurumlar ile     protokol yapmaya Belediye Ba\u015fkan\u0131m\u0131z Saadettin ASLAN&#8217;a yetki verilmesine , komisyon raporumuzun  Belediyemiz Meclisine sunulmas\u0131na oy birli\u011fi ile karar verildi.  Denilmekte olup, okunan komisyon raporu hakk\u0131nda s\u00f6z isteyen olup, olmad\u0131\u011f\u0131 soruldu. S\u00f6z isteyen olmay\u0131nca Meclis Ba\u015fkan\u0131 Saadettin ASLAN taraf\u0131ndan oylamaya sunuldu. Yap\u0131lan oymama neticesinde kabul\u00fcne oy birli\u011fi ile karar verildi.\n<\/td>\n<\/tr>\n<\/tbody>\n<\/table>\n","protected":false},"excerpt":{"rendered":"<p>KARAR 42 G\u00fcndemde bulunan madde gere\u011fi; Belediyemiz Yaz\u0131 \u0130\u015fleri M\u00fcd\u00fcrl\u00fc\u011f\u00fcn\u00fcn 28\/04\/2017 tarih ve 351 say\u0131l\u0131 yaz\u0131lar\u0131nda Belediyemiz Mali Hizmetler M\u00fcd\u00fcrl\u00fc\u011f\u00fcnce haz\u0131rlanan 2016 y\u0131l\u0131 kesin hesaplar\u0131 5393 Say\u0131l\u0131 Belediye Kanununun 34\/a maddesi uyar\u0131nca Belediyemiz Enc\u00fcmeninin 27\/04\/2017 tarihli toplant\u0131s\u0131nda g\u00f6r\u00fc\u015f\u00fclm\u00fc\u015f olup, 5393 Say\u0131l\u0131 Belediye Kanununun 18\/b ve 64. maddesi gere\u011fi h\u00fck\u00fcmlerince Belediyemiz Meclisinde g\u00f6r\u00fc\u015f\u00fclmesi hususunda havalesini arz [&hellip;]<\/p>\n","protected":false},"author":10,"featured_media":0,"parent":2897,"menu_order":201705,"comment_status":"closed","ping_status":"closed","template":"","meta":{"footnotes":""},"class_list":["post-3253","page","type-page","status-publish","hentry"],"_links":{"self":[{"href":"https:\/\/www.karaisali.bel.tr\/index.php?rest_route=\/wp\/v2\/pages\/3253","targetHints":{"allow":["GET"]}}],"collection":[{"href":"https:\/\/www.karaisali.bel.tr\/index.php?rest_route=\/wp\/v2\/pages"}],"about":[{"href":"https:\/\/www.karaisali.bel.tr\/index.php?rest_route=\/wp\/v2\/types\/page"}],"author":[{"embeddable":true,"href":"https:\/\/www.karaisali.bel.tr\/index.php?rest_route=\/wp\/v2\/users\/10"}],"replies":[{"embeddable":true,"href":"https:\/\/www.karaisali.bel.tr\/index.php?rest_route=%2Fwp%2Fv2%2Fcomments&post=3253"}],"version-history":[{"count":0,"href":"https:\/\/www.karaisali.bel.tr\/index.php?rest_route=\/wp\/v2\/pages\/3253\/revisions"}],"up":[{"embeddable":true,"href":"https:\/\/www.karaisali.bel.tr\/index.php?rest_route=\/wp\/v2\/pages\/2897"}],"wp:attachment":[{"href":"https:\/\/www.karaisali.bel.tr\/index.php?rest_route=%2Fwp%2Fv2%2Fmedia&parent=3253"}],"curies":[{"name":"wp","href":"https:\/\/api.w.org\/{rel}","templated":true}]}}