{"id":2008,"date":"2016-04-18T09:08:07","date_gmt":"2016-04-18T06:08:07","guid":{"rendered":"https:\/\/www.karaisali.bel.tr\/?page_id=2008"},"modified":"2016-04-18T09:15:59","modified_gmt":"2016-04-18T06:15:59","slug":"subat-2016-meclis-kararlari","status":"publish","type":"page","link":"https:\/\/www.karaisali.bel.tr\/?page_id=2008","title":{"rendered":"\u015eubat 2016 Meclis Kararlar\u0131"},"content":{"rendered":"<table>\n<tbody>\n<tr>\n<td>KARAR 25<\/td>\n<\/tr>\n<tr>\n<td>\nG\u00fcndemde bulunan madde gere\u011fi ; Belediyemiz Plan B\u00fct\u00e7e ve M\u00fc\u015fterek Komisyonunun  Belediyemizce 2016 y\u0131l\u0131nda  5393 Say\u0131l\u0131 Belediye Kanununun 49. maddesi gere\u011fince tam zamanl\u0131 olarak \u00e7al\u0131\u015ft\u0131r\u0131lacak olan 1 adet \u0130n\u015faat M\u00fchendisine \u00f6denecek \u00fccretin belirlenmesi ile ilgili 10 nolu komisyon raporunun  g\u00f6r\u00fc\u015f\u00fclmesine ge\u00e7ildi. Komisyon Raporunda aynen \u201cBelediyemiz Meclisince komisyonumuzda g\u00f6r\u00fc\u015f\u00fclmek \u00fczere havale edilen ; Belediyemiz \u0130nsan Kaynaklar\u0131 ve E\u011fitim M\u00fcd\u00fcrl\u00fc\u011f\u00fcn\u00fcn Belediyemizce 2016 y\u0131l\u0131 i\u00e7erisinde 5393 say\u0131l\u0131 Belediye kanununun 49. Maddesi gere\u011fince \u00e7al\u0131\u015ft\u0131r\u0131lacak Tam Zamanl\u0131 1 adet \u0130n\u015faat M\u00fchendisine \u00f6denecek \u00fccretin belirlenmesi ile ilgili teklif komisyonumuzca g\u00f6r\u00fc\u015f\u00fcld\u00fc. Yap\u0131lan g\u00f6r\u00fc\u015fme neticesinde Belediye Ba\u015fkanl\u0131\u011f\u0131m\u0131zca 2016 y\u0131l\u0131nda 5393 Say\u0131l\u0131 Belediye Kanununun 49. Maddesi gere\u011fince \u00e7al\u0131\u015ft\u0131r\u0131lacak olan  1 adet \u0130n\u015faat M\u00fchendisine ayl\u0131k net  2.350,00-TL (ek \u00f6deme hari\u00e7)   \u00f6denmesi komisyonumuzca uygun bulunmu\u015ftur. \u201c denilmekte olup, komisyon raporu oylamaya sunuldu. Yap\u0131lan oylama neticesinde okunan komisyon raporunun kabul\u00fcne oy \u00e7oklu\u011fu ile karar verildi.\n<\/td>\n<\/tr>\n<tr>\n<td>KARAR 26<\/td>\n<\/tr>\n<tr>\n<td>\nG\u00fcndemde bulunan madde gere\u011fi ; Belediyemiz \u0130mar Bay\u0131nd\u0131rl\u0131k ve  M\u00fc\u015fterek Komisyonunun  \u0130l\u00e7emiz Bekirli Mahallesi sakinlerinden Ali MECL\u0130S\u2019in \u015fartl\u0131 ta\u015f\u0131nmaz ile ilgili komisyon raporunun g\u00f6r\u00fc\u015f\u00fclmesine ge\u00e7ildi. Komisyon raporunda aynen \u201cBelediyemiz \u0130mar Bay\u0131nd\u0131rl\u0131k ve M\u00fc\u015fterek Komisyonu, Belediyemiz Meclisinin 03\/12\/2015 tarih ve 89 say\u0131l\u0131 Karar\u0131 ile komisyonumuza havale edilen  \u0130l\u00e7emiz Bekirli Mahallesi sakinlerinden Ali MECL\u0130S\u2019in \u015eartl\u0131 Ta\u015f\u0131nmaz ba\u011f\u0131\u015f\u0131 ile ilgili dilek\u00e7esini g\u00f6r\u00fc\u015fmek \u00fczere 03\/01\/2016 tarihinde saat 11:00 da topland\u0131. Belediyemiz Yaz\u0131 \u0130\u015fleri M\u00fcd\u00fcrl\u00fc\u011f\u00fcn\u00fcn 03\/12\/2015 tarih ve 849 sayl\u0131 yaz\u0131lar\u0131nda \u0130l\u00e7emiz Bekirli Mahallesi sakinlerinden Ali MECL\u0130S&#8217;in Bekirli Mahallesi Kemer Mevkiinde bulunan 701 parsel numaral\u0131 6700 m2 de 1\/2 hisseli ba\u011f cinsli ta\u015f\u0131nmaz\u0131n Belediye Ba\u015fkanl\u0131\u011f\u0131m\u0131za mezarl\u0131k olarak ba\u011f\u0131\u015flamak istedi\u011fi dilek\u00e7eli talebi g\u00f6r\u00fc\u015f\u00fcld\u00fc. Komisyonumuzca incelendi. \u0130l\u00e7emiz Bekirli Mahallesi sakinlerinden Ali MECL\u0130S&#8217;in Bekirli Mahallesi Kemer Mevkiinde bulunan 701 parsel numaral\u0131 6700 m2 de 1\/2 hisseli ba\u011f cinsli ta\u015f\u0131nmaz\u0131n Belediye Ba\u015fkanl\u0131\u011f\u0131m\u0131za mezarl\u0131k olarak ba\u011f\u0131\u015f\u0131n\u0131n kabul edilmesine , Belediyemizce Mezarl\u0131k hizmetleri Adana B\u00fcy\u00fck\u015fehir Belediyesine devroldu\u011fundan ba\u011f\u0131\u015flanan ta\u015f\u0131nmaz\u0131n B\u00fcy\u00fck\u015fehir Belediyesine devredilmesine oy birli\u011fi ile karar verildi. Denilmekte olup, komisyon raporu hakk\u0131nda s\u00f6z isteyen olup, olmad\u0131\u011f\u0131 soruldu. \u00dcyelerden Rifat K\u00d6RO\u011eLU s\u00f6z ald\u0131. Arkada\u015flar komisyon raporunun geldi\u011fi gibi kabul edilmesini teklif ediyorum. Dedi. Teklif oylamaya sunuldu. Yap\u0131lan oylama neticesinde teklifin kabul\u00fcne oy birli\u011fi ile karar verildi.\n<\/td>\n<\/tr>\n<\/tbody>\n<\/table>\n","protected":false},"excerpt":{"rendered":"<p>KARAR 25 G\u00fcndemde bulunan madde gere\u011fi ; Belediyemiz Plan B\u00fct\u00e7e ve M\u00fc\u015fterek Komisyonunun Belediyemizce 2016 y\u0131l\u0131nda 5393 Say\u0131l\u0131 Belediye Kanununun 49. maddesi gere\u011fince tam zamanl\u0131 olarak \u00e7al\u0131\u015ft\u0131r\u0131lacak olan 1 adet \u0130n\u015faat M\u00fchendisine \u00f6denecek \u00fccretin belirlenmesi ile ilgili 10 nolu komisyon raporunun g\u00f6r\u00fc\u015f\u00fclmesine ge\u00e7ildi. Komisyon Raporunda aynen \u201cBelediyemiz Meclisince komisyonumuzda g\u00f6r\u00fc\u015f\u00fclmek \u00fczere havale edilen ; Belediyemiz [&hellip;]<\/p>\n","protected":false},"author":10,"featured_media":0,"parent":1499,"menu_order":201602,"comment_status":"closed","ping_status":"closed","template":"","meta":{"footnotes":""},"class_list":["post-2008","page","type-page","status-publish","hentry"],"_links":{"self":[{"href":"https:\/\/www.karaisali.bel.tr\/index.php?rest_route=\/wp\/v2\/pages\/2008","targetHints":{"allow":["GET"]}}],"collection":[{"href":"https:\/\/www.karaisali.bel.tr\/index.php?rest_route=\/wp\/v2\/pages"}],"about":[{"href":"https:\/\/www.karaisali.bel.tr\/index.php?rest_route=\/wp\/v2\/types\/page"}],"author":[{"embeddable":true,"href":"https:\/\/www.karaisali.bel.tr\/index.php?rest_route=\/wp\/v2\/users\/10"}],"replies":[{"embeddable":true,"href":"https:\/\/www.karaisali.bel.tr\/index.php?rest_route=%2Fwp%2Fv2%2Fcomments&post=2008"}],"version-history":[{"count":0,"href":"https:\/\/www.karaisali.bel.tr\/index.php?rest_route=\/wp\/v2\/pages\/2008\/revisions"}],"up":[{"embeddable":true,"href":"https:\/\/www.karaisali.bel.tr\/index.php?rest_route=\/wp\/v2\/pages\/1499"}],"wp:attachment":[{"href":"https:\/\/www.karaisali.bel.tr\/index.php?rest_route=%2Fwp%2Fv2%2Fmedia&parent=2008"}],"curies":[{"name":"wp","href":"https:\/\/api.w.org\/{rel}","templated":true}]}}