{"id":10998,"date":"2023-01-10T15:53:36","date_gmt":"2023-01-10T12:53:36","guid":{"rendered":"https:\/\/www.karaisali.bel.tr\/?page_id=10998"},"modified":"2023-01-10T15:53:36","modified_gmt":"2023-01-10T12:53:36","slug":"kasim-2022-meclis-kararlari","status":"publish","type":"page","link":"https:\/\/www.karaisali.bel.tr\/?page_id=10998","title":{"rendered":"Kas\u0131m 2022 Meclis Kararlar\u0131"},"content":{"rendered":"<table>\n<tbody>\n<tr>\n<td>KARAR 88<\/td>\n<\/tr>\n<tr>\n<td>Belediyemiz \u0130nsan Kaynaklar\u0131 ve E\u011fitim M\u00fcd\u00fcrl\u00fc\u011f\u00fcn\u00fcn 27\/10\/2022 tarih ve 6509 say\u0131l\u0131 yaz\u0131lar\u0131 ile g\u00fcndeme<br \/>\nal\u0131nan\u037e 17\/4\/2022 tarihli ve 31812 say\u0131l\u0131 Resmi Gazete&#8217;de yay\u0131mlanan Belediye ve Ba\u011fl\u0131 Kurulu\u015flar\u0131 ile Mahalli \u0130dare<br \/>\nBirlikleri Norm Kadro \u0130lke ve Standartlar\u0131na Dair Y\u00f6netmelikte De\u011fi\u015fiklik Yap\u0131lmas\u0131na Dair Y\u00f6netmelik ile Belediye<br \/>\nve Ba\u011fl\u0131 Kurulu\u015flar\u0131 ile Mahalli \u0130dare Birlikleri Norm Kadro \u0130lke ve Standartlar\u0131na Dair Y\u00f6netmelikte bir tak\u0131m<br \/>\nde\u011fi\u015fiklikler yap\u0131lm\u0131\u015ft\u0131r. S\u00f6z konusu de\u011fi\u015fikliklerden en \u00f6nemlisi b\u00fcy\u00fck\u015fehir belediyelerinde &#8220;\u0130klim De\u011fi\u015fikli\u011fi ve S\u0131f\u0131r<br \/>\nAt\u0131k Daire Ba\u015fkanl\u0131\u011f\u0131&#8221;, il belediyeleri, C\u00ad6 grubu ve \u00fcst\u00fc il\u00e7e belediyeleri ile D\u00ad10 grubu ve \u00fcst\u00fc belde belediyelerinde<br \/>\n&#8220;\u0130klim De\u011fi\u015fikli\u011fi ve S\u0131f\u0131r At\u0131k M\u00fcd\u00fcrl\u00fc\u011f\u00fc&#8221; kurulmas\u0131n\u0131n zorunlu hale getirilmi\u015ftir. Belediyemiz C-7 Grubu<br \/>\nBelediyeler aras\u0131nda bulunmas\u0131ndan dolay\u0131 \u0130klim De\u011fi\u015fikli\u011fi ve S\u0131f\u0131r At\u0131k Birimi Kurulmas\u0131 Zorunlu Belediyeler<br \/>\naras\u0131nda say\u0131lm\u0131\u015ft\u0131r. 5393 Say\u0131l\u0131 Belediye Kanunun Meclisin G\u00f6rev ve Yetkileri Madde 18&#8217;in \u0131 ) bendi : Norm kadro<br \/>\n\u00e7er\u00e7evesinde belediyenin ve ba\u011fl\u0131 kurulu\u015flar\u0131n\u0131n kadrolar\u0131n\u0131n ihdas, iptal ve de\u011fi\u015ftirilmesine karar vermek Belediye<br \/>\nMeclisinin g\u00f6rev ve yetkileri aras\u0131nda say\u0131lm\u0131\u015ft\u0131r. 5393 Say\u0131l\u0131 Belediye Kanunun 18 maddesinin \u0131) bendine istinaden<br \/>\n\u0130klim De\u011fi\u015fikli\u011fi ve S\u0131f\u0131r At\u0131k M\u00fcd\u00fcrl\u00fc\u011f\u00fc Kurulmas\u0131 i\u00e7in Belediye Meclisimizce karar al\u0131nmas\u0131 hususunda\u037e Olurlar\u0131n\u0131za<br \/>\narz ederim. Denilmekte olup, Ba\u015fkan teklifin Plan B\u00fct\u00e7e ve M\u00fc\u015fterek Komisyonda g\u00f6r\u00fc\u015f\u00fclmek \u00fczere havalesini<br \/>\noylar\u0131n\u0131za sunuyorum. Dedi. Teklif oy birli\u011fi ile kabul edildi<\/td>\n<\/tr>\n<tr>\n<td>KARAR 89<\/td>\n<\/tr>\n<tr>\n<td>Belediyemiz Plan B\u00fct\u00e7e M\u00fc\u015fterek Komisyonunun \u0130klim De\u011fi\u015fikli\u011fi ve S\u0131f\u0131r At\u0131k M\u00fcd\u00fcrl\u00fc\u011f\u00fcn\u00fcn kurulmas\u0131 ile ilgili komisyon raporunun<br \/>\ng\u00f6r\u00fc\u015f\u00fclmesi ve onay\u0131 i\u00e7in Belediyemiz Meclisine havalesini Olurlar\u0131n\u0131za arz ederim. Denilmekte olup, komisyon raporunda aynen \u037e &#8220;Belediyemiz \u0130nsan<br \/>\nKaynaklar\u0131 ve E\u011fitim M\u00fcd\u00fcrl\u00fc\u011f\u00fcn\u00fcn 27\/10\/2022 tarih ve 6509 say\u0131l\u0131 yaz\u0131lar\u0131 ile g\u00fcndeme  al\u0131nan\u037e  17\/4\/2022  tarihli ve  31812 say\u0131l\u0131 Resmi Gazete&#8217;de<br \/>\nyay\u0131mlanan Belediye ve Ba\u011fl\u0131  Kurulu\u015flar\u0131 ile Mahalli \u0130dare Birlikleri Norm Kadro \u0130lke ve Standartlar\u0131na Dair Y\u00f6netmelikte De\u011fi\u015fiklik Yap\u0131lmas\u0131na Dair<br \/>\nY\u00f6netmelik ile Belediye ve Ba\u011fl\u0131 Kurulu\u015flar\u0131 ile Mahalli \u0130dare Birlikleri Norm Kadro \u0130lke ve Standartlar\u0131na Dair Y\u00f6netmelikte bir tak\u0131m de\u011fi\u015fiklikler<br \/>\nyap\u0131lm\u0131\u015ft\u0131r. S\u00f6z  konusu  de\u011fi\u015fikliklerden en \u00f6nemlisi b\u00fcy\u00fck\u015fehir belediyelerinde &#8220;\u0130klim De\u011fi\u015fikli\u011fi ve S\u0131f\u0131r At\u0131k Daire Ba\u015fkanl\u0131\u011f\u0131&#8221;, il belediyeleri, C\u00ad6<br \/>\ngrubu ve \u00fcst\u00fc il\u00e7e belediyeleri ile D\u00ad10 grubu ve \u00fcst\u00fc belde belediyelerinde &#8220;\u0130klim De\u011fi\u015fikli\u011fi ve S\u0131f\u0131r At\u0131k M\u00fcd\u00fcrl\u00fc\u011f\u00fc&#8221; kurulmas\u0131n\u0131n zorunlu hale<br \/>\ngetirilmi\u015ftir.          Belediyemiz C\u00ad7 Grubu Belediyeler aras\u0131nda bulunmas\u0131ndan dolay\u0131 \u0130klim De\u011fi\u015fikli\u011fi ve S\u0131f\u0131r At\u0131k Birimi Kurulmas\u0131 Zorunlu<br \/>\nBelediyeler aras\u0131nda say\u0131lm\u0131\u015ft\u0131r.           5393 Say\u0131l\u0131 Belediye Kanunun Meclisin G\u00f6rev ve Yetkileri Madde 18&#8217;in \u0131 ) bendi : Norm kadro \u00e7er\u00e7evesinde<br \/>\nbelediyenin ve ba\u011fl\u0131 kurulu\u015flar\u0131n\u0131n kadrolar\u0131n\u0131n ihdas, iptal ve de\u011fi\u015ftirilmesine karar vermek Belediye Meclisinin g\u00f6rev ve yetkileri aras\u0131nda say\u0131lm\u0131\u015ft\u0131r.<br \/>\n        5393 Say\u0131l\u0131 Belediye Kanunun    18 maddesinin \u0131) bendine istinaden    \u0130klim De\u011fi\u015fikli\u011fi ve S\u0131f\u0131r At\u0131k M\u00fcd\u00fcrl\u00fc\u011f\u00fc Kurulmas\u0131 i\u00e7in Belediye<br \/>\nMeclisimizce karar al\u0131nmas\u0131 hususunda\u037e  Olurlar\u0131n\u0131za arz ederim. Denilmekte olup,  teklif komisyonumuzca g\u00f6r\u00fc\u015f\u00fcld\u00fc. Teklifin komisyondan geldi\u011fi<br \/>\ngibi kabul edilmesine oy birli\u011fi ile karar verildi.<br \/>\n GERE\u011e\u0130 \u0130\u00c7\u0130N \u0130NSAN KAYNAKLARI VE E\u011e\u0130T\u0130M M\u00dcD\u00dcRL\u00dc\u011e\u00dc\n<\/td>\n<\/tr>\n<tr>\n<td>KARAR 90<\/td>\n<\/tr>\n<tr>\n<td>Belediye Ba\u015fkanl\u0131\u011f\u0131m\u0131z\u0131n 16\/11\/2022 tarih ve 6735 say\u0131l\u0131 yaz\u0131lar\u0131 ile g\u00fcndeme al\u0131nan\u037e Karada\u011f Bar \u015fehrinde 23\u00ad<br \/>\n25 KASIM 2022  tarihlerinde yap\u0131lacak olan Bar&#8217; \u0131 ziyaret etme ve Bar Kurtulu\u015f G\u00fcn\u00fcn\u00fc kutlamak \u00fczere g\u00f6nderilen<br \/>\ndavet yaz\u0131s\u0131na istinaden  Belediye Ba\u015fkan\u0131m\u0131z Saadettin ASLAN, Meclis \u00dcyelerimiz Abdullah KA\u00c7AR ve Celalettin<br \/>\nS\u00dcRME  kat\u0131l\u0131m sa\u011flayaca\u011f\u0131ndan ula\u015f\u0131m giderlerinin ve bar\u0131nma giderlerinin Belediyemiz b\u00fct\u00e7esinden kar\u015f\u0131lanmak<br \/>\n\u00fczere Belediyemiz Meclisinde g\u00f6r\u00fc\u015f\u00fclerek ilgili Meclis Karar\u0131n\u0131n al\u0131nmas\u0131 i\u00e7in Belediyemiz Meclisine Havalesini<br \/>\nOlurlar\u0131n\u0131za arz ederim. Denilmekte olup, teklif oylamaya sunuldu. Yap\u0131lan oylama neticesinde teklifin<br \/>\nM\u00fcd\u00fcrl\u00fc\u011f\u00fcnden geldi\u011fi gibi kabul edilmesine oy birli\u011fi ile karar verildi.<br \/>\n Gere\u011fi i\u00e7in Yaz\u0131 \u0130\u015fleri M\u00fcd\u00fcrl\u00fc\u011f\u00fc<\/td>\n<\/tr>\n<\/tbody>\n<\/table>\n","protected":false},"excerpt":{"rendered":"<p>KARAR 88 Belediyemiz \u0130nsan Kaynaklar\u0131 ve E\u011fitim M\u00fcd\u00fcrl\u00fc\u011f\u00fcn\u00fcn 27\/10\/2022 tarih ve 6509 say\u0131l\u0131 yaz\u0131lar\u0131 ile g\u00fcndeme al\u0131nan\u037e 17\/4\/2022 tarihli ve 31812 say\u0131l\u0131 Resmi Gazete&#8217;de yay\u0131mlanan Belediye ve Ba\u011fl\u0131 Kurulu\u015flar\u0131 ile Mahalli \u0130dare Birlikleri Norm Kadro \u0130lke ve Standartlar\u0131na Dair Y\u00f6netmelikte De\u011fi\u015fiklik Yap\u0131lmas\u0131na Dair Y\u00f6netmelik ile Belediye ve Ba\u011fl\u0131 Kurulu\u015flar\u0131 ile Mahalli \u0130dare Birlikleri Norm Kadro [&hellip;]<\/p>\n","protected":false},"author":10,"featured_media":0,"parent":9924,"menu_order":202211,"comment_status":"closed","ping_status":"closed","template":"","meta":{"footnotes":""},"class_list":["post-10998","page","type-page","status-publish","hentry"],"_links":{"self":[{"href":"https:\/\/www.karaisali.bel.tr\/index.php?rest_route=\/wp\/v2\/pages\/10998","targetHints":{"allow":["GET"]}}],"collection":[{"href":"https:\/\/www.karaisali.bel.tr\/index.php?rest_route=\/wp\/v2\/pages"}],"about":[{"href":"https:\/\/www.karaisali.bel.tr\/index.php?rest_route=\/wp\/v2\/types\/page"}],"author":[{"embeddable":true,"href":"https:\/\/www.karaisali.bel.tr\/index.php?rest_route=\/wp\/v2\/users\/10"}],"replies":[{"embeddable":true,"href":"https:\/\/www.karaisali.bel.tr\/index.php?rest_route=%2Fwp%2Fv2%2Fcomments&post=10998"}],"version-history":[{"count":1,"href":"https:\/\/www.karaisali.bel.tr\/index.php?rest_route=\/wp\/v2\/pages\/10998\/revisions"}],"predecessor-version":[{"id":10999,"href":"https:\/\/www.karaisali.bel.tr\/index.php?rest_route=\/wp\/v2\/pages\/10998\/revisions\/10999"}],"up":[{"embeddable":true,"href":"https:\/\/www.karaisali.bel.tr\/index.php?rest_route=\/wp\/v2\/pages\/9924"}],"wp:attachment":[{"href":"https:\/\/www.karaisali.bel.tr\/index.php?rest_route=%2Fwp%2Fv2%2Fmedia&parent=10998"}],"curies":[{"name":"wp","href":"https:\/\/api.w.org\/{rel}","templated":true}]}}